{"id":2733,"date":"2025-02-24T17:58:14","date_gmt":"2025-02-24T16:58:14","guid":{"rendered":"https:\/\/fillin-festival.de\/home\/"},"modified":"2026-04-09T17:09:10","modified_gmt":"2026-04-09T15:09:10","slug":"home-2","status":"publish","type":"page","link":"https:\/\/fillin-festival.de\/en\/","title":{"rendered":"Home"},"content":{"rendered":"\n<div class=\"wp-block-group alignfull pt__10 pb__10 has-base-background-color has-background pt__1 has-global-padding is-layout-constrained wp-container-core-group-is-layout-185c04ff wp-block-group-is-layout-constrained\" style=\"min-height:0vh;margin-top:0;margin-bottom:0;padding-top:0;padding-right:var(--wp--preset--spacing--30);padding-bottom:0;padding-left:var(--wp--preset--spacing--30)\">\n<figure class=\"wp-block-video alignfull\"><video height=\"1080\" style=\"aspect-ratio: 1920 \/ 1080;\" width=\"1920\" autoplay loop muted src=\"https:\/\/fillin-festival.de\/wp-content\/uploads\/2025\/12\/Fill-In_Website_Trailer2025_V3.mp4\"><\/video><\/figure>\n\n\n\n<div class=\"wp-block-group alignfull has-base-background-color has-background has-global-padding is-layout-constrained wp-container-core-group-is-layout-39cada6e wp-block-group-is-layout-constrained\" style=\"margin-top:0;margin-bottom:var(--wp--preset--spacing--50)\">\n<div class=\"wp-block-group alignwide is-layout-flow wp-block-group-is-layout-flow\">\n<div class=\"wp-block-columns alignwide are-vertically-aligned-top is-layout-flex wp-container-core-columns-is-layout-4b4ea02d wp-block-columns-is-layout-flex\" style=\"margin-bottom:var(--wp--preset--spacing--70)\">\n<div class=\"wp-block-column is-vertically-aligned-top is-layout-flow wp-block-column-is-layout-flow\">\n<h1 class=\"wp-block-heading pt__1 pb__1 has-contrast-color has-text-color has-link-color wp-elements-1\" style=\"font-size:clamp(2.712rem, 2.712rem + ((1vw - 0.2rem) * 3.903), 5.2rem);line-height:1\">Chill out \u2013 fill&nbsp;in<\/h1>\n<\/div>\n\n\n\n<div class=\"wp-block-column is-vertically-aligned-top is-layout-flow wp-block-column-is-layout-flow\" style=\"flex-basis:40%\">\n<pre class=\"wp-block-code has-base-color has-accent-1-background-color has-text-color has-background has-link-color wp-elements-2\"><code>fill in \u2014 International Jazz Festival Saar is the jazz festival in the Saar-Lor-Lux region.<\/code><\/pre>\n\n\n\n<p class=\"wp-block-paragraph\">fill in brings legends and world stars of jazz as well as up-and-coming talents of the genre to the Saar-Lor-Lux region. Over three days at the end of June, the festival presents all facets of the genre at the E-Werk on the Saarterrassen in Saarbr\u00fccken and celebrates jazz.<\/p>\n<\/div>\n<\/div>\n\n\n\n<h2 class=\"wp-block-heading has-text-align-center has-contrast-color has-text-color has-link-color wp-elements-3\">Venues 2026<\/h2>\n\n\n\n<div style=\"height:25px\" aria-hidden=\"true\" class=\"wp-block-spacer\"><\/div>\n\n\n\n<div class=\"wp-block-columns is-layout-flex wp-container-core-columns-is-layout-2b689197 wp-block-columns-is-layout-flex\" style=\"padding-top:0;padding-right:0;padding-bottom:0;padding-left:0\">\n<div class=\"wp-block-column is-layout-flow wp-block-column-is-layout-flow\" style=\"flex-basis:33.34%\">\n<div class=\"wp-block-group has-global-padding is-layout-constrained wp-block-group-is-layout-constrained\">\n<h2 class=\"wp-block-heading has-text-align-center has-base-color has-accent-1-background-color has-text-color has-background has-link-color wp-elements-4\" style=\"padding-top:var(--wp--preset--spacing--20);padding-right:0;padding-bottom:var(--wp--preset--spacing--20);padding-left:0;font-size:clamp(2.2rem, 2.2rem + ((1vw - 0.2rem) * 2.824), 4rem);\">Avenue<\/h2>\n\n\n\n<figure class=\"wp-block-image size-large\"><img loading=\"lazy\" decoding=\"async\" width=\"1024\" height=\"683\" src=\"https:\/\/fillin-festival.de\/wp-content\/uploads\/2025\/10\/2B6A3308-1024x683.jpg\" alt=\"\" class=\"wp-image-2270\" srcset=\"https:\/\/fillin-festival.de\/wp-content\/uploads\/2025\/10\/2B6A3308-1024x683.jpg 1024w, https:\/\/fillin-festival.de\/wp-content\/uploads\/2025\/10\/2B6A3308-300x200.jpg 300w, https:\/\/fillin-festival.de\/wp-content\/uploads\/2025\/10\/2B6A3308-768x512.jpg 768w, https:\/\/fillin-festival.de\/wp-content\/uploads\/2025\/10\/2B6A3308-1536x1024.jpg 1536w, https:\/\/fillin-festival.de\/wp-content\/uploads\/2025\/10\/2B6A3308-2048x1365.jpg 2048w\" sizes=\"auto, (max-width: 1024px) 100vw, 1024px\" \/><\/figure>\n\n\n\n<p class=\"wp-block-paragraph\">fill in AVENUE is a colourful street festival. On 8 May 2026, we will be celebrating jazz together with GIU in the alleyway in front of the old bus depot in the Eurobahnhof district of Saarbr\u00fccken, bringing it back to the streets.<\/p>\n\n\n\n<div class=\"wp-block-buttons is-content-justification-center is-layout-flex wp-container-core-buttons-is-layout-35f06ea7 wp-block-buttons-is-layout-flex\">\n<div class=\"wp-block-button\"><a class=\"wp-block-button__link wp-element-button\" href=\"https:\/\/fillin-festival.de\/en\/fill-in-avenue\/\">To fill in AVENUE<\/a><\/div>\n<\/div>\n<\/div>\n<\/div>\n\n\n\n<div class=\"wp-block-column is-layout-flow wp-block-column-is-layout-flow\" style=\"flex-basis:33.34%\">\n<div class=\"wp-block-group has-global-padding is-layout-constrained wp-block-group-is-layout-constrained\">\n<h2 class=\"wp-block-heading has-text-align-center has-base-color has-accent-1-background-color has-text-color has-background has-link-color wp-elements-5\" style=\"padding-top:var(--wp--preset--spacing--20);padding-right:0;padding-bottom:var(--wp--preset--spacing--20);padding-left:0;font-size:clamp(2.2rem, 2.2rem + ((1vw - 0.2rem) * 2.824), 4rem);\">Bars &amp; Clubs<\/h2>\n\n\n\n<figure class=\"wp-block-image size-large\"><img loading=\"lazy\" decoding=\"async\" width=\"1024\" height=\"683\" src=\"https:\/\/fillin-festival.de\/wp-content\/uploads\/2025\/10\/2B6A3894-1024x683.jpg\" alt=\"\" class=\"wp-image-2273\" srcset=\"https:\/\/fillin-festival.de\/wp-content\/uploads\/2025\/10\/2B6A3894-1024x683.jpg 1024w, https:\/\/fillin-festival.de\/wp-content\/uploads\/2025\/10\/2B6A3894-300x200.jpg 300w, https:\/\/fillin-festival.de\/wp-content\/uploads\/2025\/10\/2B6A3894-768x512.jpg 768w, https:\/\/fillin-festival.de\/wp-content\/uploads\/2025\/10\/2B6A3894-1536x1024.jpg 1536w, https:\/\/fillin-festival.de\/wp-content\/uploads\/2025\/10\/2B6A3894-2048x1365.jpg 2048w\" sizes=\"auto, (max-width: 1024px) 100vw, 1024px\" \/><\/figure>\n\n\n\n<p class=\"wp-block-paragraph\">The festival kicks off on 25 June 2026 with a glittering celebration at St. Johanner Markt. For one evening, young jazz musicians will transform St. Johanner Markt in Saarbr\u00fccken into a jazz club.<\/p>\n\n\n\n<div class=\"wp-block-buttons is-content-justification-center is-layout-flex wp-container-core-buttons-is-layout-35f06ea7 wp-block-buttons-is-layout-flex\">\n<div class=\"wp-block-button\"><a class=\"wp-block-button__link wp-element-button\" href=\"https:\/\/fillin-festival.de\/en\/fill-in-festival\/\">To fill in BARS &amp; CLUBS<\/a><\/div>\n<\/div>\n<\/div>\n<\/div>\n\n\n\n<div class=\"wp-block-column is-layout-flow wp-block-column-is-layout-flow\" style=\"flex-basis:33.33%\">\n<div class=\"wp-block-group has-global-padding is-layout-constrained wp-block-group-is-layout-constrained\">\n<h2 class=\"wp-block-heading has-text-align-center has-base-color has-accent-1-background-color has-text-color has-background has-link-color wp-elements-6\" style=\"padding-top:var(--wp--preset--spacing--20);padding-right:0;padding-bottom:var(--wp--preset--spacing--20);padding-left:0;font-size:clamp(2.2rem, 2.2rem + ((1vw - 0.2rem) * 2.824), 4rem);\">Festival<\/h2>\n\n\n\n<figure class=\"wp-block-image size-large\"><img loading=\"lazy\" decoding=\"async\" width=\"1024\" height=\"683\" src=\"https:\/\/fillin-festival.de\/wp-content\/uploads\/2025\/10\/2025-06-27-Fillin-34-1024x683.jpg\" alt=\"\" class=\"wp-image-2276\" srcset=\"https:\/\/fillin-festival.de\/wp-content\/uploads\/2025\/10\/2025-06-27-Fillin-34-1024x683.jpg 1024w, https:\/\/fillin-festival.de\/wp-content\/uploads\/2025\/10\/2025-06-27-Fillin-34-300x200.jpg 300w, https:\/\/fillin-festival.de\/wp-content\/uploads\/2025\/10\/2025-06-27-Fillin-34-768x512.jpg 768w, https:\/\/fillin-festival.de\/wp-content\/uploads\/2025\/10\/2025-06-27-Fillin-34-1536x1024.jpg 1536w, https:\/\/fillin-festival.de\/wp-content\/uploads\/2025\/10\/2025-06-27-Fillin-34-2048x1365.jpg 2048w\" sizes=\"auto, (max-width: 1024px) 100vw, 1024px\" \/><\/figure>\n\n\n\n<p class=\"wp-block-paragraph\">From 26 to 28 June 2026, the E-Werk on the Saarterrassen in Saarbr\u00fccken will become the epicentre of the European jazz scene. Legends, world stars and hip newcomers to jazz will be guests.<\/p>\n\n\n\n<div class=\"wp-block-buttons is-content-justification-center is-layout-flex wp-container-core-buttons-is-layout-35f06ea7 wp-block-buttons-is-layout-flex\">\n<div class=\"wp-block-button\"><a class=\"wp-block-button__link wp-element-button\" href=\"https:\/\/fillin-festival.de\/en\/fill-in-festival\/\">To fill in FESTIVAL<\/a><\/div>\n<\/div>\n<\/div>\n<\/div>\n<\/div>\n\n\n\n<div style=\"height:40px\" aria-hidden=\"true\" class=\"wp-block-spacer\"><\/div>\n\n\n\n<div class=\"wp-block-columns is-layout-flex wp-container-core-columns-is-layout-2b689197 wp-block-columns-is-layout-flex\" style=\"padding-top:0;padding-right:0;padding-bottom:0;padding-left:0\">\n<div class=\"wp-block-column is-layout-flow wp-block-column-is-layout-flow\" style=\"flex-basis:33.34%\">\n<div class=\"wp-block-group has-global-padding is-layout-constrained wp-block-group-is-layout-constrained\">\n<h2 class=\"wp-block-heading has-text-align-center has-base-color has-accent-1-background-color has-text-color has-background has-link-color wp-elements-7\" style=\"padding-top:var(--wp--preset--spacing--20);padding-right:0;padding-bottom:var(--wp--preset--spacing--20);padding-left:0;font-size:clamp(2.2rem, 2.2rem + ((1vw - 0.2rem) * 2.824), 4rem);\">Bostalsee<\/h2>\n\n\n\n<figure class=\"wp-block-image size-large\"><img loading=\"lazy\" decoding=\"async\" width=\"1024\" height=\"683\" src=\"https:\/\/fillin-festival.de\/wp-content\/uploads\/2025\/10\/bostalsee_cropped-1024x683.png\" alt=\"\" class=\"wp-image-2287\" srcset=\"https:\/\/fillin-festival.de\/wp-content\/uploads\/2025\/10\/bostalsee_cropped-1024x683.png 1024w, https:\/\/fillin-festival.de\/wp-content\/uploads\/2025\/10\/bostalsee_cropped-300x200.png 300w, https:\/\/fillin-festival.de\/wp-content\/uploads\/2025\/10\/bostalsee_cropped-768x512.png 768w, https:\/\/fillin-festival.de\/wp-content\/uploads\/2025\/10\/bostalsee_cropped-1536x1024.png 1536w, https:\/\/fillin-festival.de\/wp-content\/uploads\/2025\/10\/bostalsee_cropped-2048x1366.png 2048w\" sizes=\"auto, (max-width: 1024px) 100vw, 1024px\" \/><\/figure>\n\n\n\n<p class=\"wp-block-paragraph\">fill in is hosting an open-air event at Lake Bostal on 31 July and 1 August. We will be enjoying two days of summer, sun, lake and jazz on the lawn of the Gonnesweiler lido.<\/p>\n\n\n\n<div class=\"wp-block-buttons is-content-justification-center is-layout-flex wp-container-core-buttons-is-layout-35f06ea7 wp-block-buttons-is-layout-flex\">\n<div class=\"wp-block-button\"><a class=\"wp-block-button__link wp-element-button\" href=\"https:\/\/fillin-festival.de\/en\/fill-in-avenue-3\/\">To fill in Bostalsee<\/a><\/div>\n<\/div>\n<\/div>\n<\/div>\n\n\n\n<div class=\"wp-block-column is-layout-flow wp-block-column-is-layout-flow\" style=\"flex-basis:33.34%\">\n<div class=\"wp-block-group has-global-padding is-layout-constrained wp-block-group-is-layout-constrained\">\n<h2 class=\"wp-block-heading has-text-align-center has-base-color has-accent-1-background-color has-text-color has-background has-link-color wp-elements-8\" style=\"padding-top:var(--wp--preset--spacing--20);padding-right:0;padding-bottom:var(--wp--preset--spacing--20);padding-left:0;font-size:clamp(2.2rem, 2.2rem + ((1vw - 0.2rem) * 2.824), 4rem);\">Berlin<\/h2>\n\n\n\n<figure data-wp-context=\"{&quot;imageId&quot;:&quot;6a9a049a9b1c7&quot;}\" data-wp-interactive=\"core\/image\" data-wp-key=\"6a9a049a9b1c7\" class=\"wp-block-image size-large wp-lightbox-container\"><img loading=\"lazy\" decoding=\"async\" width=\"1024\" height=\"683\" data-wp-class--hide=\"state.isContentHidden\" data-wp-class--show=\"state.isContentVisible\" data-wp-init=\"callbacks.setButtonStyles\" data-wp-on--click=\"actions.showLightbox\" data-wp-on--load=\"callbacks.setButtonStyles\" data-wp-on--pointerdown=\"actions.preloadImage\" data-wp-on--pointerenter=\"actions.preloadImageWithDelay\" data-wp-on--pointerleave=\"actions.cancelPreload\" data-wp-on-window--resize=\"callbacks.setButtonStyles\" src=\"https:\/\/fillin-festival.de\/wp-content\/uploads\/2025\/11\/171025_DMD_04480-1024x683.jpg\" alt=\"\" class=\"wp-image-2423\" srcset=\"https:\/\/fillin-festival.de\/wp-content\/uploads\/2025\/11\/171025_DMD_04480-1024x683.jpg 1024w, https:\/\/fillin-festival.de\/wp-content\/uploads\/2025\/11\/171025_DMD_04480-300x200.jpg 300w, https:\/\/fillin-festival.de\/wp-content\/uploads\/2025\/11\/171025_DMD_04480-768x512.jpg 768w, https:\/\/fillin-festival.de\/wp-content\/uploads\/2025\/11\/171025_DMD_04480-1536x1024.jpg 1536w, https:\/\/fillin-festival.de\/wp-content\/uploads\/2025\/11\/171025_DMD_04480-2048x1365.jpg 2048w\" sizes=\"auto, (max-width: 1024px) 100vw, 1024px\" \/><button\n\t\t\tclass=\"lightbox-trigger\"\n\t\t\ttype=\"button\"\n\t\t\taria-haspopup=\"dialog\"\n\t\t\tdata-wp-bind--aria-label=\"state.thisImage.triggerButtonAriaLabel\"\n\t\t\tdata-wp-init=\"callbacks.initTriggerButton\"\n\t\t\tdata-wp-on--click=\"actions.showLightbox\"\n\t\t\tdata-wp-style--right=\"state.thisImage.buttonRight\"\n\t\t\tdata-wp-style--top=\"state.thisImage.buttonTop\"\n\t\t>\n\t\t\t<svg xmlns=\"http:\/\/www.w3.org\/2000\/svg\" width=\"12\" height=\"12\" fill=\"none\" viewBox=\"0 0 12 12\">\n\t\t\t\t<path fill=\"#fff\" d=\"M2 0a2 2 0 0 0-2 2v2h1.5V2a.5.5 0 0 1 .5-.5h2V0H2Zm2 10.5H2a.5.5 0 0 1-.5-.5V8H0v2a2 2 0 0 0 2 2h2v-1.5ZM8 12v-1.5h2a.5.5 0 0 0 .5-.5V8H12v2a2 2 0 0 1-2 2H8Zm2-12a2 2 0 0 1 2 2v2h-1.5V2a.5.5 0 0 0-.5-.5H8V0h2Z\" \/>\n\t\t\t<\/svg>\n\t\t<\/button><\/figure>\n\n\n\n<p class=\"wp-block-paragraph\">As in 2024 and 2025 fill will be part of the programme of the Saarland State Representation to the Federal Government at \u2018Jazz in den Ministerg\u00e4rten\u2019 in October 2026.<\/p>\n\n\n\n<div class=\"wp-block-buttons is-content-justification-center is-layout-flex wp-container-core-buttons-is-layout-35f06ea7 wp-block-buttons-is-layout-flex\">\n<div class=\"wp-block-button\"><a class=\"wp-block-button__link wp-element-button\" href=\"https:\/\/fillin-festival.de\/en\/fill-in-avenue-3-2\/\">To fill in Berlin<\/a><\/div>\n<\/div>\n<\/div>\n<\/div>\n\n\n\n<div class=\"wp-block-column is-layout-flow wp-block-column-is-layout-flow\" style=\"flex-basis:33.33%\">\n<div class=\"wp-block-group has-global-padding is-layout-constrained wp-block-group-is-layout-constrained\">\n<h2 class=\"wp-block-heading has-text-align-center has-base-color has-accent-1-background-color has-text-color has-background has-link-color wp-elements-9\" style=\"padding-top:var(--wp--preset--spacing--20);padding-right:0;padding-bottom:var(--wp--preset--spacing--20);padding-left:0;font-size:clamp(2.2rem, 2.2rem + ((1vw - 0.2rem) * 2.824), 4rem);\">St. Ingbert<\/h2>\n\n\n\n<figure class=\"wp-block-image size-large\"><img loading=\"lazy\" decoding=\"async\" width=\"1024\" height=\"683\" src=\"https:\/\/fillin-festival.de\/wp-content\/uploads\/2025\/10\/fill-in_Jan-Garbarek_80026-1024x683.jpg\" alt=\"\" class=\"wp-image-2285\" srcset=\"https:\/\/fillin-festival.de\/wp-content\/uploads\/2025\/10\/fill-in_Jan-Garbarek_80026-1024x683.jpg 1024w, https:\/\/fillin-festival.de\/wp-content\/uploads\/2025\/10\/fill-in_Jan-Garbarek_80026-300x200.jpg 300w, https:\/\/fillin-festival.de\/wp-content\/uploads\/2025\/10\/fill-in_Jan-Garbarek_80026-768x512.jpg 768w, https:\/\/fillin-festival.de\/wp-content\/uploads\/2025\/10\/fill-in_Jan-Garbarek_80026-1536x1024.jpg 1536w, https:\/\/fillin-festival.de\/wp-content\/uploads\/2025\/10\/fill-in_Jan-Garbarek_80026-2048x1365.jpg 2048w\" sizes=\"auto, (max-width: 1024px) 100vw, 1024px\" \/><\/figure>\n\n\n\n<p class=\"wp-block-paragraph\">At the end of October 2026 fill in will be returning to the Stadthalle in St. Ingbert for the second time since 2024. The festival will once again present the finest jazz in the city.<\/p>\n\n\n\n<div class=\"wp-block-buttons is-content-justification-center is-layout-flex wp-container-core-buttons-is-layout-35f06ea7 wp-block-buttons-is-layout-flex\">\n<div class=\"wp-block-button\"><a class=\"wp-block-button__link wp-element-button\" href=\"https:\/\/fillin-festival.de\/en\/fill-in-avenue-3\/\">To fill in St. Ingbert<\/a><\/div>\n<\/div>\n<\/div>\n<\/div>\n<\/div>\n\n\n\n<div style=\"height:var(--wp--preset--spacing--20)\" aria-hidden=\"true\" class=\"wp-block-spacer\"><\/div>\n<\/div>\n\n\n\n<div style=\"height:12px\" aria-hidden=\"true\" class=\"wp-block-spacer\"><\/div>\n<\/div>\n<\/div>\n\n\n\n<div class=\"wp-block-group has-global-padding is-layout-constrained wp-container-core-group-is-layout-49ce9e6e wp-block-group-is-layout-constrained\">\n<h2 class=\"wp-block-heading has-text-align-center has-contrast-color has-text-color has-link-color wp-elements-10\" style=\"margin-right:0;margin-left:0;padding-right:0;padding-left:0;font-size:clamp(2.712rem, 2.712rem + ((1vw - 0.2rem) * 3.903), 5.2rem);\">Program<br>E-Werk 2026<\/h2>\n\n\n\n<div class=\"wp-block-buttons is-content-justification-center is-layout-flex wp-container-core-buttons-is-layout-35f06ea7 wp-block-buttons-is-layout-flex\">\n<div class=\"wp-block-button\"><a class=\"wp-block-button__link wp-element-button\" href=\"http:\/\/fillin-festival.de\/fill-in-FESTIVAL\">Programm fill in Festival<\/a><\/div>\n<\/div>\n<\/div>\n\n\n\n<h3 class=\"wp-block-heading alignwide has-text-align-center has-contrast-color has-text-color has-link-color wp-elements-11\">Friday, 26 June 2026<\/h3>\n\n\n\n<h3 class=\"wp-block-heading has-text-align-center has-contrast-color has-text-color has-link-color wp-elements-12\">GIU JazzNight<\/h3>\n\n\n\n<div class=\"wp-block-columns alignwide are-vertically-aligned-top is-layout-flex wp-container-core-columns-is-layout-a78f41f9 wp-block-columns-is-layout-flex\">\n<div class=\"wp-block-column is-vertically-aligned-top is-layout-flow wp-block-column-is-layout-flow\">\n<div class=\"wp-block-group wp-container-content-231d8afb is-vertical is-content-justification-left is-nowrap is-layout-flex wp-container-core-group-is-layout-962b7e74 wp-block-group-is-layout-flex\" style=\"margin-top:0;margin-bottom:0\">\n<figure class=\"wp-block-image size-large wp-container-content-0733e5d0 wp-duotone-ff5000-ffffff-1\"><img loading=\"lazy\" decoding=\"async\" width=\"756\" height=\"1024\" src=\"https:\/\/fillin-festival.de\/wp-content\/uploads\/2025\/11\/gregory-privat-756x1024.jpg\" alt=\"\" class=\"wp-image-2536\" srcset=\"https:\/\/fillin-festival.de\/wp-content\/uploads\/2025\/11\/gregory-privat-756x1024.jpg 756w, https:\/\/fillin-festival.de\/wp-content\/uploads\/2025\/11\/gregory-privat-221x300.jpg 221w, https:\/\/fillin-festival.de\/wp-content\/uploads\/2025\/11\/gregory-privat-768x1040.jpg 768w, https:\/\/fillin-festival.de\/wp-content\/uploads\/2025\/11\/gregory-privat-1134x1536.jpg 1134w, https:\/\/fillin-festival.de\/wp-content\/uploads\/2025\/11\/gregory-privat.jpg 1244w\" sizes=\"auto, (max-width: 756px) 100vw, 756px\" \/><\/figure>\n\n\n\n<div class=\"wp-block-group is-vertical is-nowrap is-layout-flex wp-container-core-group-is-layout-8960be6f wp-block-group-is-layout-flex\">\n<p class=\"has-large-font-size wp-block-paragraph\"><strong>Gr\u00e9gory Privat<\/strong><\/p>\n\n\n\n<p class=\"has-small-font-size wp-block-paragraph\">7 pm<\/p>\n\n\n\n<p class=\"is-style-default has-base-color has-accent-1-background-color has-text-color has-background has-link-color wp-elements-13 wp-block-paragraph\" style=\"border-style:none;border-width:0px;padding-top:0;padding-right:0;padding-bottom:0;padding-left:0;font-size:clamp(0.875rem, 0.875rem + ((1vw - 0.2rem) * 0.196), 1rem);\">Traditional Caribbean music meets modern jazz<\/p>\n<\/div>\n<\/div>\n<\/div>\n\n\n\n<div class=\"wp-block-column is-vertically-aligned-top is-layout-flow wp-block-column-is-layout-flow\">\n<div class=\"wp-block-group wp-container-content-231d8afb is-vertical is-layout-flex wp-container-core-group-is-layout-02230abd wp-block-group-is-layout-flex\" style=\"margin-top:0;margin-bottom:0\">\n<div class=\"wp-block-group is-vertical is-nowrap is-layout-flex wp-container-core-group-is-layout-8960be6f wp-block-group-is-layout-flex\">\n<p class=\"has-large-font-size wp-block-paragraph\"><strong>Mario Biondi <\/strong>\u2013 This is what you are<br>20th anniversary<\/p>\n\n\n\n<p class=\"has-small-font-size wp-block-paragraph\">9 pm<\/p>\n\n\n\n<p class=\"is-style-default has-base-color has-accent-1-background-color has-text-color has-background has-link-color wp-elements-14 wp-block-paragraph\" style=\"border-style:none;border-width:0px;padding-top:0;padding-right:0;padding-bottom:0;padding-left:0;font-size:clamp(0.875rem, 0.875rem + ((1vw - 0.2rem) * 0.196), 1rem);\">Emotional and elegant soul<\/p>\n<\/div>\n\n\n\n<figure class=\"wp-block-image size-large wp-duotone-ff5000-ffffff-2\" style=\"font-size:14px\"><img loading=\"lazy\" decoding=\"async\" width=\"756\" height=\"1024\" src=\"https:\/\/fillin-festival.de\/wp-content\/uploads\/2025\/12\/mario_biondi2-756x1024.png\" alt=\"\" class=\"wp-image-2848\" srcset=\"https:\/\/fillin-festival.de\/wp-content\/uploads\/2025\/12\/mario_biondi2-756x1024.png 756w, https:\/\/fillin-festival.de\/wp-content\/uploads\/2025\/12\/mario_biondi2-221x300.png 221w, https:\/\/fillin-festival.de\/wp-content\/uploads\/2025\/12\/mario_biondi2-768x1040.png 768w, https:\/\/fillin-festival.de\/wp-content\/uploads\/2025\/12\/mario_biondi2-1134x1536.png 1134w, https:\/\/fillin-festival.de\/wp-content\/uploads\/2025\/12\/mario_biondi2.png 1244w\" sizes=\"auto, (max-width: 756px) 100vw, 756px\" \/><\/figure>\n<\/div>\n<\/div>\n<\/div>\n\n\n\n<h3 class=\"wp-block-heading alignwide has-text-align-center has-contrast-color has-text-color has-link-color wp-elements-15\">Saturday, 27 June 2026<\/h3>\n\n\n\n<div class=\"wp-block-columns alignwide are-vertically-aligned-top is-layout-flex wp-container-core-columns-is-layout-a78f41f9 wp-block-columns-is-layout-flex\">\n<div class=\"wp-block-column is-vertically-aligned-top is-layout-flow wp-block-column-is-layout-flow\">\n<div class=\"wp-block-group wp-container-content-231d8afb is-vertical is-content-justification-left is-nowrap is-layout-flex wp-container-core-group-is-layout-962b7e74 wp-block-group-is-layout-flex\" style=\"margin-top:0;margin-bottom:0\">\n<figure class=\"wp-block-image size-large wp-container-content-0733e5d0 wp-duotone-ff5000-ffffff-3\"><img loading=\"lazy\" decoding=\"async\" width=\"756\" height=\"1024\" src=\"https:\/\/fillin-festival.de\/wp-content\/uploads\/2025\/11\/rebekka-bakken-756x1024.jpg\" alt=\"\" class=\"wp-image-2538\" srcset=\"https:\/\/fillin-festival.de\/wp-content\/uploads\/2025\/11\/rebekka-bakken-756x1024.jpg 756w, https:\/\/fillin-festival.de\/wp-content\/uploads\/2025\/11\/rebekka-bakken-221x300.jpg 221w, https:\/\/fillin-festival.de\/wp-content\/uploads\/2025\/11\/rebekka-bakken-768x1040.jpg 768w, https:\/\/fillin-festival.de\/wp-content\/uploads\/2025\/11\/rebekka-bakken-1134x1536.jpg 1134w, https:\/\/fillin-festival.de\/wp-content\/uploads\/2025\/11\/rebekka-bakken.jpg 1244w\" sizes=\"auto, (max-width: 756px) 100vw, 756px\" \/><\/figure>\n\n\n\n<div class=\"wp-block-group is-vertical is-nowrap is-layout-flex wp-container-core-group-is-layout-8960be6f wp-block-group-is-layout-flex\">\n<p class=\"has-large-font-size wp-block-paragraph\"><strong>Rebekka Bakken<\/strong><\/p>\n\n\n\n<p class=\"has-small-font-size wp-block-paragraph\">7 pm<\/p>\n\n\n\n<p class=\"is-style-default has-base-color has-accent-1-background-color has-text-color has-background has-link-color wp-elements-16 wp-block-paragraph\" style=\"border-style:none;border-width:0px;padding-top:0;padding-right:0;padding-bottom:0;padding-left:0;font-size:clamp(0.875rem, 0.875rem + ((1vw - 0.2rem) * 0.196), 1rem);\">Einzigartige Stimme trifft nordischen Sound<\/p>\n<\/div>\n<\/div>\n<\/div>\n\n\n\n<div class=\"wp-block-column is-vertically-aligned-top is-layout-flow wp-block-column-is-layout-flow\">\n<div class=\"wp-block-group wp-container-content-231d8afb is-vertical is-layout-flex wp-container-core-group-is-layout-02230abd wp-block-group-is-layout-flex\" style=\"margin-top:0;margin-bottom:0\">\n<div class=\"wp-block-group is-vertical is-nowrap is-layout-flex wp-container-core-group-is-layout-8960be6f wp-block-group-is-layout-flex\">\n<p class=\"has-large-font-size wp-block-paragraph\"><strong>Louisiana Avenue<\/strong><\/p>\n\n\n\n<p class=\"has-small-font-size wp-block-paragraph\">9 pm<\/p>\n\n\n\n<p class=\"is-style-default has-base-color has-accent-1-background-color has-text-color has-background has-link-color wp-elements-17 wp-block-paragraph\" style=\"border-style:none;border-width:0px;padding-top:0;padding-right:0;padding-bottom:0;padding-left:0;font-size:clamp(0.875rem, 0.875rem + ((1vw - 0.2rem) * 0.196), 1rem);\">Swedish Mardi Gras \u2013 a colourful jazz party<\/p>\n<\/div>\n\n\n\n<figure class=\"wp-block-image size-large wp-duotone-ff5000-ffffff-4\" style=\"font-size:14px\"><img loading=\"lazy\" decoding=\"async\" width=\"756\" height=\"1024\" src=\"https:\/\/fillin-festival.de\/wp-content\/uploads\/2025\/11\/louisiana-avenue-756x1024.jpg\" alt=\"\" class=\"wp-image-2537\" srcset=\"https:\/\/fillin-festival.de\/wp-content\/uploads\/2025\/11\/louisiana-avenue-756x1024.jpg 756w, https:\/\/fillin-festival.de\/wp-content\/uploads\/2025\/11\/louisiana-avenue-221x300.jpg 221w, https:\/\/fillin-festival.de\/wp-content\/uploads\/2025\/11\/louisiana-avenue-768x1040.jpg 768w, https:\/\/fillin-festival.de\/wp-content\/uploads\/2025\/11\/louisiana-avenue-1134x1536.jpg 1134w, https:\/\/fillin-festival.de\/wp-content\/uploads\/2025\/11\/louisiana-avenue.jpg 1244w\" sizes=\"auto, (max-width: 756px) 100vw, 756px\" \/><\/figure>\n<\/div>\n<\/div>\n<\/div>\n\n\n\n<h3 class=\"wp-block-heading alignwide has-text-align-center has-contrast-color has-text-color has-link-color wp-elements-18\">Sunday, 28 June 2026<\/h3>\n\n\n\n<div class=\"wp-block-columns alignwide are-vertically-aligned-top is-layout-flex wp-container-core-columns-is-layout-a78f41f9 wp-block-columns-is-layout-flex\">\n<div class=\"wp-block-column is-vertically-aligned-top is-layout-flow wp-block-column-is-layout-flow\">\n<div class=\"wp-block-group wp-container-content-231d8afb is-vertical is-content-justification-left is-nowrap is-layout-flex wp-container-core-group-is-layout-962b7e74 wp-block-group-is-layout-flex\" style=\"margin-top:0;margin-bottom:0\">\n<figure class=\"wp-block-image size-large wp-container-content-0733e5d0 wp-duotone-ff5000-ffffff-5\"><img loading=\"lazy\" decoding=\"async\" width=\"756\" height=\"1024\" src=\"https:\/\/fillin-festival.de\/wp-content\/uploads\/2025\/11\/antonio-lizana-756x1024.jpg\" alt=\"\" class=\"wp-image-2535\" srcset=\"https:\/\/fillin-festival.de\/wp-content\/uploads\/2025\/11\/antonio-lizana-756x1024.jpg 756w, https:\/\/fillin-festival.de\/wp-content\/uploads\/2025\/11\/antonio-lizana-221x300.jpg 221w, https:\/\/fillin-festival.de\/wp-content\/uploads\/2025\/11\/antonio-lizana-768x1040.jpg 768w, https:\/\/fillin-festival.de\/wp-content\/uploads\/2025\/11\/antonio-lizana-1134x1536.jpg 1134w, https:\/\/fillin-festival.de\/wp-content\/uploads\/2025\/11\/antonio-lizana.jpg 1244w\" sizes=\"auto, (max-width: 756px) 100vw, 756px\" \/><\/figure>\n\n\n\n<div class=\"wp-block-group is-vertical is-nowrap is-layout-flex wp-container-core-group-is-layout-8960be6f wp-block-group-is-layout-flex\">\n<p class=\"has-small-font-size wp-block-paragraph\">7 pm<\/p>\n\n\n\n<p class=\"has-large-font-size wp-block-paragraph\"><strong>Antonio Lizana<\/strong><\/p>\n\n\n\n<p class=\"is-style-default has-base-color has-accent-1-background-color has-text-color has-background has-link-color wp-elements-19 wp-block-paragraph\" style=\"border-style:none;border-width:0px;padding-top:0;padding-right:0;padding-bottom:0;padding-left:0;font-size:clamp(0.875rem, 0.875rem + ((1vw - 0.2rem) * 0.196), 1rem);\">Nuevo Flamenco meets jazz \u2013 music for the senses<\/p>\n<\/div>\n<\/div>\n<\/div>\n\n\n\n<div class=\"wp-block-column is-vertically-aligned-top is-layout-flow wp-block-column-is-layout-flow\">\n<div class=\"wp-block-group wp-container-content-231d8afb is-vertical is-layout-flex wp-container-core-group-is-layout-02230abd wp-block-group-is-layout-flex\" style=\"margin-top:0;margin-bottom:0\">\n<div class=\"wp-block-group is-vertical is-nowrap is-layout-flex wp-container-core-group-is-layout-8960be6f wp-block-group-is-layout-flex\">\n<p class=\"has-small-font-size wp-block-paragraph\">9 pm<\/p>\n\n\n\n<p class=\"has-large-font-size wp-block-paragraph\"><strong>Yellowjackets<\/strong><\/p>\n\n\n\n<p class=\"is-style-default has-base-color has-accent-1-background-color has-text-color has-background has-link-color wp-elements-20 wp-block-paragraph\" style=\"border-style:none;border-width:0px;padding-top:0;padding-right:0;padding-bottom:0;padding-left:0;font-size:clamp(0.875rem, 0.875rem + ((1vw - 0.2rem) * 0.196), 1rem);\">Legends of Fusion Jazz<\/p>\n<\/div>\n\n\n\n<figure class=\"wp-block-image size-large is-resized wp-duotone-ff5000-ffffff-7\" style=\"font-size:14px\"><img loading=\"lazy\" decoding=\"async\" width=\"756\" height=\"1024\" src=\"https:\/\/fillin-festival.de\/wp-content\/uploads\/2025\/11\/yellowjackets-756x1024.jpg\" alt=\"\" class=\"wp-image-2540\" style=\"width:653px;height:auto\" srcset=\"https:\/\/fillin-festival.de\/wp-content\/uploads\/2025\/11\/yellowjackets-756x1024.jpg 756w, https:\/\/fillin-festival.de\/wp-content\/uploads\/2025\/11\/yellowjackets-221x300.jpg 221w, https:\/\/fillin-festival.de\/wp-content\/uploads\/2025\/11\/yellowjackets-768x1040.jpg 768w, https:\/\/fillin-festival.de\/wp-content\/uploads\/2025\/11\/yellowjackets-1134x1536.jpg 1134w, https:\/\/fillin-festival.de\/wp-content\/uploads\/2025\/11\/yellowjackets.jpg 1244w\" sizes=\"auto, (max-width: 756px) 100vw, 756px\" \/><\/figure>\n<\/div>\n<\/div>\n<\/div>\n\n\n\n<div class=\"wp-block-group alignfull is-style-section-3 is-layout-flow wp-block-group-is-layout-flow is-style-section-3--8\" style=\"margin-top:var(--wp--preset--spacing--80);margin-bottom:0;padding-top:0;padding-right:0;padding-bottom:0;padding-left:0\">\n<div class=\"wp-block-group alignwide pt__1 pb__1 pl__1 pr__1 has-accent-1-background-color has-background is-vertical is-content-justification-center is-layout-flex wp-container-core-group-is-layout-4e2ecbed wp-block-group-is-layout-flex\" style=\"margin-top:0;margin-bottom:0;padding-top:0;padding-bottom:var(--wp--preset--spacing--40)\">\n<h2 class=\"wp-block-heading has-text-align-center has-contrast-color has-base-background-color has-text-color has-background has-link-color wp-elements-21\" style=\"padding-top:0;padding-right:0;padding-bottom:0;padding-left:0;font-size:clamp(2.46rem, 2.46rem + ((1vw - 0.2rem) * 3.357), 4.6rem);\">Newsletter<\/h2>\n\n\n\n<p class=\"has-text-align-center is-style-text-subtitle is-style-text-subtitle--9 wp-block-paragraph\" style=\"padding-right:var(--wp--preset--spacing--40);padding-left:var(--wp--preset--spacing--40)\">Would you like to receive the latest information about events and news about the festival by e-mail? Then subscribe to our newsletter.<\/p>\n\n\n\n<div class=\"wp-block-buttons is-content-justification-center is-layout-flex wp-container-core-buttons-is-layout-d60015dc wp-block-buttons-is-layout-flex\" style=\"margin-bottom:0\">\n<div class=\"wp-block-button\"><a class=\"wp-block-button__link has-text-align-center wp-element-button\" href=\"https:\/\/fillin-festival.de\/en\/newsletter\/\">To the Newsletter<\/a><\/div>\n<\/div>\n<\/div>\n<\/div>\n\n\n\n<div class=\"wp-block-group alignfull is-layout-flow wp-block-group-is-layout-flow\" style=\"padding-right:var(--wp--preset--spacing--40);padding-left:var(--wp--preset--spacing--40)\">\n<h2 class=\"wp-block-heading alignwide has-text-align-center has-contrast-color has-text-color has-link-color wp-elements-22\" style=\"margin-top:var(--wp--preset--spacing--80);padding-top:0;padding-right:0;padding-bottom:0;padding-left:0;font-size:clamp(2.46rem, 2.46rem + ((1vw - 0.2rem) * 3.357), 4.6rem);\">News from from blog (only German)<\/h2>\n\n\n\n<div class=\"wp-block-query alignfull is-layout-flow wp-block-query-is-layout-flow\"><ul class=\"columns-3 wp-block-post-template is-layout-grid wp-container-core-post-template-is-layout-6180ff1b wp-block-post-template-is-layout-grid\"><li class=\"wp-block-post post-3710 post type-post status-publish format-standard has-post-thumbnail hentry category-fill-in-2026\">\n\n<div class=\"wp-block-group has-accent-1-background-color has-background is-layout-flow wp-block-group-is-layout-flow\" style=\"padding-top:var(--wp--preset--spacing--40);padding-right:var(--wp--preset--spacing--40);padding-bottom:var(--wp--preset--spacing--40);padding-left:0\"><h3 style=\"line-height:1;padding-top:0;padding-bottom:0;padding-left:0;padding-right:0\" class=\"has-link-color wp-elements-23 wp-block-post-title has-text-color has-contrast-color has-background has-base-background-color\"><a href=\"https:\/\/fillin-festival.de\/en\/mardi-gras-aus-schweden\/\" target=\"_self\" >Mardi Gras aus Schweden<\/a><\/h3>\n\n<div class=\"has-text-align-right wp-block-post-date has-background has-base-background-color\"><time datetime=\"2026-06-02T12:31:59+02:00\">02\/06\/2026<\/time><\/div>\n\n<div class=\"wp-block-post-excerpt\"><p class=\"wp-block-post-excerpt__excerpt\">Stockholm liegt mehr als 9.000 Kilometer von New Orleans entfernt. Und doch klingt die Musik von Louisiana Avenue so, als w\u00e4re sie direkt auf dem French Quarter entstanden \u2013 vollgesogen mit Funk,&hellip;<\/p><p class=\"wp-block-post-excerpt__more-text\"><a class=\"wp-block-post-excerpt__more-link\" href=\"https:\/\/fillin-festival.de\/en\/mardi-gras-aus-schweden\/\">Weiterlesen &gt;<\/a><\/p><\/div><\/div>\n\n<\/li><li class=\"wp-block-post post-3703 post type-post status-publish format-standard has-post-thumbnail hentry category-fill-in-2026 tag-fillin-2026 tag-rebekka-bakken\">\n\n<div class=\"wp-block-group has-accent-1-background-color has-background is-layout-flow wp-block-group-is-layout-flow\" style=\"padding-top:var(--wp--preset--spacing--40);padding-right:var(--wp--preset--spacing--40);padding-bottom:var(--wp--preset--spacing--40);padding-left:0\"><h3 style=\"line-height:1;padding-top:0;padding-bottom:0;padding-left:0;padding-right:0\" class=\"has-link-color wp-elements-24 wp-block-post-title has-text-color has-contrast-color has-background has-base-background-color\"><a href=\"https:\/\/fillin-festival.de\/en\/eine-stimme-zwischen-den-welten\/\" target=\"_self\" >Eine Stimme zwischen den Welten<\/a><\/h3>\n\n<div class=\"has-text-align-right wp-block-post-date has-background has-base-background-color\"><time datetime=\"2026-06-02T09:51:26+02:00\">02\/06\/2026<\/time><\/div>\n\n<div class=\"wp-block-post-excerpt\"><p class=\"wp-block-post-excerpt__excerpt\">Rebekka Bakken will eigentlich nicht, dass man \u00fcber ihre Musik redet \u2013 man soll sie h\u00f6ren und f\u00fchlen. Die norwegische S\u00e4ngerin und Songwriterin besitzt eine Stimme, die \u00fcber drei Oktaven reicht und&hellip;<\/p><p class=\"wp-block-post-excerpt__more-text\"><a class=\"wp-block-post-excerpt__more-link\" href=\"https:\/\/fillin-festival.de\/en\/eine-stimme-zwischen-den-welten\/\">Weiterlesen &gt;<\/a><\/p><\/div><\/div>\n\n<\/li><li class=\"wp-block-post post-3693 post type-post status-publish format-standard has-post-thumbnail hentry category-fill-in-2026\">\n\n<div class=\"wp-block-group has-accent-1-background-color has-background is-layout-flow wp-block-group-is-layout-flow\" style=\"padding-top:var(--wp--preset--spacing--40);padding-right:var(--wp--preset--spacing--40);padding-bottom:var(--wp--preset--spacing--40);padding-left:0\"><h3 style=\"line-height:1;padding-top:0;padding-bottom:0;padding-left:0;padding-right:0\" class=\"has-link-color wp-elements-25 wp-block-post-title has-text-color has-contrast-color has-background has-base-background-color\"><a href=\"https:\/\/fillin-festival.de\/en\/der-klang-der-karibik\/\" target=\"_self\" >Der Klang der Karibik<\/a><\/h3>\n\n<div class=\"has-text-align-right wp-block-post-date has-background has-base-background-color\"><time datetime=\"2026-06-01T13:56:44+02:00\">01\/06\/2026<\/time><\/div>\n\n<div class=\"wp-block-post-excerpt\"><p class=\"wp-block-post-excerpt__excerpt\">Am 22. Dezember 1984 auf der franz\u00f6sischen Karibikinsel Martinique geboren, wuchs Gr\u00e9gory Privat in Saint-Joseph in einer Musikerfamilie auf. Die musikalische Tradition seiner karibischen Heimat war von Beginn an ein pr\u00e4gendes Element&hellip;<\/p><p class=\"wp-block-post-excerpt__more-text\"><a class=\"wp-block-post-excerpt__more-link\" href=\"https:\/\/fillin-festival.de\/en\/der-klang-der-karibik\/\">Weiterlesen &gt;<\/a><\/p><\/div><\/div>\n\n<\/li><\/ul><\/div>\n<\/div>\n\n\n\n<div style=\"height:50px\" aria-hidden=\"true\" class=\"wp-block-spacer\"><\/div>\n\n\n\n<div class=\"wp-block-columns alignfull is-not-stacked-on-mobile has-accent-1-background-color has-background is-layout-flex wp-container-core-columns-is-layout-d39b2d18 wp-block-columns-is-layout-flex\" style=\"margin-top:0\">\n<div class=\"wp-block-column is-layout-flow wp-block-column-is-layout-flow\" style=\"flex-basis:20.01%\">\n<figure class=\"wp-block-image size-full is-resized\" style=\"margin-top:0;margin-right:0;margin-bottom:0;margin-left:0\"><img loading=\"lazy\" decoding=\"async\" width=\"2560\" height=\"1401\" src=\"https:\/\/fillin-festival.de\/wp-content\/uploads\/2025\/11\/MWIDWS-scaled.png\" alt=\"\" class=\"wp-image-2572\" style=\"width:219px\" srcset=\"https:\/\/fillin-festival.de\/wp-content\/uploads\/2025\/11\/MWIDWS-scaled.png 2560w, https:\/\/fillin-festival.de\/wp-content\/uploads\/2025\/11\/MWIDWS-300x164.png 300w, https:\/\/fillin-festival.de\/wp-content\/uploads\/2025\/11\/MWIDWS-1024x560.png 1024w, https:\/\/fillin-festival.de\/wp-content\/uploads\/2025\/11\/MWIDWS-768x420.png 768w, https:\/\/fillin-festival.de\/wp-content\/uploads\/2025\/11\/MWIDWS-1536x840.png 1536w, https:\/\/fillin-festival.de\/wp-content\/uploads\/2025\/11\/MWIDWS-2048x1121.png 2048w\" sizes=\"auto, (max-width: 2560px) 100vw, 2560px\" \/><\/figure>\n<\/div>\n\n\n\n<div class=\"wp-block-column is-layout-flow wp-block-column-is-layout-flow\" style=\"flex-basis:20.01%\">\n<figure class=\"wp-block-image size-full is-resized\" style=\"margin-top:0;margin-right:0;margin-bottom:0;margin-left:0\"><img loading=\"lazy\" decoding=\"async\" width=\"400\" height=\"218\" src=\"https:\/\/fillin-festival.de\/wp-content\/uploads\/2025\/10\/GIU-Logo.png\" alt=\"\" class=\"wp-image-2216\" style=\"width:219px\" srcset=\"https:\/\/fillin-festival.de\/wp-content\/uploads\/2025\/10\/GIU-Logo.png 400w, https:\/\/fillin-festival.de\/wp-content\/uploads\/2025\/10\/GIU-Logo-300x164.png 300w\" sizes=\"auto, (max-width: 400px) 100vw, 400px\" \/><\/figure>\n<\/div>\n\n\n\n<div class=\"wp-block-column is-layout-flow wp-block-column-is-layout-flow\" style=\"flex-basis:20%\">\n<figure class=\"wp-block-gallery has-nested-images columns-default is-cropped wp-block-gallery-10 is-layout-flex wp-block-gallery-is-layout-flex\">\n<figure class=\"wp-block-image size-full\"><img loading=\"lazy\" decoding=\"async\" width=\"768\" height=\"419\" data-id=\"2227\" src=\"https:\/\/fillin-festival.de\/wp-content\/uploads\/2025\/10\/Hager-Logo.png\" alt=\"\" class=\"wp-image-2227\" srcset=\"https:\/\/fillin-festival.de\/wp-content\/uploads\/2025\/10\/Hager-Logo.png 768w, https:\/\/fillin-festival.de\/wp-content\/uploads\/2025\/10\/Hager-Logo-300x164.png 300w\" sizes=\"auto, (max-width: 768px) 100vw, 768px\" \/><\/figure>\n<\/figure>\n<\/div>\n\n\n\n<div class=\"wp-block-column is-layout-flow wp-block-column-is-layout-flow\" style=\"flex-basis:20%\">\n<figure class=\"wp-block-image size-large\"><img loading=\"lazy\" decoding=\"async\" width=\"768\" height=\"420\" src=\"https:\/\/fillin-festival.de\/wp-content\/uploads\/2025\/10\/MES-Logo.png\" alt=\"\" class=\"wp-image-2241\" srcset=\"https:\/\/fillin-festival.de\/wp-content\/uploads\/2025\/10\/MES-Logo.png 768w, https:\/\/fillin-festival.de\/wp-content\/uploads\/2025\/10\/MES-Logo-300x164.png 300w\" sizes=\"auto, (max-width: 768px) 100vw, 768px\" \/><\/figure>\n<\/div>\n\n\n\n<div class=\"wp-block-column is-layout-flow wp-block-column-is-layout-flow\" style=\"flex-basis:20%\">\n<figure class=\"wp-block-image size-large is-resized\" style=\"margin-top:0;margin-right:0;margin-bottom:0;margin-left:0\"><img loading=\"lazy\" decoding=\"async\" width=\"768\" height=\"420\" src=\"https:\/\/fillin-festival.de\/wp-content\/uploads\/2025\/10\/becker-mining-Logo.png\" alt=\"\" class=\"wp-image-2243\" style=\"width:219px\" srcset=\"https:\/\/fillin-festival.de\/wp-content\/uploads\/2025\/10\/becker-mining-Logo.png 768w, https:\/\/fillin-festival.de\/wp-content\/uploads\/2025\/10\/becker-mining-Logo-300x164.png 300w\" sizes=\"auto, (max-width: 768px) 100vw, 768px\" \/><\/figure>\n<\/div>\n\n\n\n<div class=\"wp-block-column is-layout-flow wp-block-column-is-layout-flow\" style=\"flex-basis:20%\">\n<figure class=\"wp-block-image size-full is-resized\"><img loading=\"lazy\" decoding=\"async\" width=\"768\" height=\"420\" src=\"https:\/\/fillin-festival.de\/wp-content\/uploads\/2025\/11\/AWS-Stiftung.jpg\" alt=\"\" class=\"wp-image-2625\" style=\"width:219px\" srcset=\"https:\/\/fillin-festival.de\/wp-content\/uploads\/2025\/11\/AWS-Stiftung.jpg 768w, https:\/\/fillin-festival.de\/wp-content\/uploads\/2025\/11\/AWS-Stiftung-300x164.jpg 300w\" sizes=\"auto, (max-width: 768px) 100vw, 768px\" \/><\/figure>\n<\/div>\n\n\n\n<div class=\"wp-block-column is-layout-flow wp-block-column-is-layout-flow\" style=\"flex-basis:20%\">\n<figure class=\"wp-block-image size-full\"><img loading=\"lazy\" decoding=\"async\" width=\"768\" height=\"419\" src=\"https:\/\/fillin-festival.de\/wp-content\/uploads\/2025\/06\/drtheiss.jpg\" alt=\"\" class=\"wp-image-2086\" srcset=\"https:\/\/fillin-festival.de\/wp-content\/uploads\/2025\/06\/drtheiss.jpg 768w, https:\/\/fillin-festival.de\/wp-content\/uploads\/2025\/06\/drtheiss-300x164.jpg 300w\" sizes=\"auto, (max-width: 768px) 100vw, 768px\" \/><\/figure>\n<\/div>\n\n\n\n<div class=\"wp-block-column is-layout-flow wp-block-column-is-layout-flow\" style=\"flex-basis:20%\">\n<figure class=\"wp-block-image size-full\"><img loading=\"lazy\" decoding=\"async\" width=\"768\" height=\"420\" src=\"https:\/\/fillin-festival.de\/wp-content\/uploads\/2025\/11\/energis.jpg\" alt=\"\" class=\"wp-image-2578\" srcset=\"https:\/\/fillin-festival.de\/wp-content\/uploads\/2025\/11\/energis.jpg 768w, https:\/\/fillin-festival.de\/wp-content\/uploads\/2025\/11\/energis-300x164.jpg 300w\" sizes=\"auto, (max-width: 768px) 100vw, 768px\" \/><\/figure>\n<\/div>\n<\/div>\n\n\n\n<div class=\"wp-block-columns alignfull is-not-stacked-on-mobile has-accent-1-background-color has-background is-layout-flex wp-container-core-columns-is-layout-117cf201 wp-block-columns-is-layout-flex\" style=\"margin-top:0;margin-bottom:0;padding-top:0\">\n<div class=\"wp-block-column is-layout-flow wp-block-column-is-layout-flow\" style=\"flex-basis:16.67%\">\n<figure class=\"wp-block-image size-full is-resized\"><img loading=\"lazy\" decoding=\"async\" width=\"768\" height=\"420\" src=\"https:\/\/fillin-festival.de\/wp-content\/uploads\/2025\/10\/Gross-Logo.png\" alt=\"\" class=\"wp-image-2245\" style=\"width:219px\" srcset=\"https:\/\/fillin-festival.de\/wp-content\/uploads\/2025\/10\/Gross-Logo.png 768w, https:\/\/fillin-festival.de\/wp-content\/uploads\/2025\/10\/Gross-Logo-300x164.png 300w\" sizes=\"auto, (max-width: 768px) 100vw, 768px\" \/><\/figure>\n<\/div>\n\n\n\n<div class=\"wp-block-column is-layout-flow wp-block-column-is-layout-flow\" style=\"flex-basis:16.67%\">\n<figure class=\"wp-block-image size-full is-resized\"><img loading=\"lazy\" decoding=\"async\" width=\"2560\" height=\"1401\" src=\"https:\/\/fillin-festival.de\/wp-content\/uploads\/2025\/06\/LAY-Reisen-weiss_Zeichenflaeche-1_png-scaled.png\" alt=\"\" class=\"wp-image-2080\" style=\"width:219px\" srcset=\"https:\/\/fillin-festival.de\/wp-content\/uploads\/2025\/06\/LAY-Reisen-weiss_Zeichenflaeche-1_png-scaled.png 2560w, https:\/\/fillin-festival.de\/wp-content\/uploads\/2025\/06\/LAY-Reisen-weiss_Zeichenflaeche-1_png-300x164.png 300w, https:\/\/fillin-festival.de\/wp-content\/uploads\/2025\/06\/LAY-Reisen-weiss_Zeichenflaeche-1_png-1024x560.png 1024w, https:\/\/fillin-festival.de\/wp-content\/uploads\/2025\/06\/LAY-Reisen-weiss_Zeichenflaeche-1_png-768x420.png 768w, https:\/\/fillin-festival.de\/wp-content\/uploads\/2025\/06\/LAY-Reisen-weiss_Zeichenflaeche-1_png-1536x840.png 1536w, https:\/\/fillin-festival.de\/wp-content\/uploads\/2025\/06\/LAY-Reisen-weiss_Zeichenflaeche-1_png-2048x1121.png 2048w\" sizes=\"auto, (max-width: 2560px) 100vw, 2560px\" \/><\/figure>\n<\/div>\n\n\n\n<div class=\"wp-block-column is-layout-flow wp-block-column-is-layout-flow\" style=\"flex-basis:16.67%\">\n<figure class=\"wp-block-image size-full\"><img loading=\"lazy\" decoding=\"async\" width=\"400\" height=\"219\" src=\"https:\/\/fillin-festival.de\/wp-content\/uploads\/2026\/03\/UGL.png\" alt=\"\" class=\"wp-image-3176\" srcset=\"https:\/\/fillin-festival.de\/wp-content\/uploads\/2026\/03\/UGL.png 400w, https:\/\/fillin-festival.de\/wp-content\/uploads\/2026\/03\/UGL-300x164.png 300w\" sizes=\"auto, (max-width: 400px) 100vw, 400px\" \/><\/figure>\n<\/div>\n\n\n\n<div class=\"wp-block-column is-layout-flow wp-block-column-is-layout-flow\" style=\"flex-basis:16.67%\">\n<figure class=\"wp-block-image size-full\"><img loading=\"lazy\" decoding=\"async\" width=\"400\" height=\"219\" src=\"https:\/\/fillin-festival.de\/wp-content\/uploads\/2026\/03\/Logo-Leidinger.png\" alt=\"\" class=\"wp-image-3174\" srcset=\"https:\/\/fillin-festival.de\/wp-content\/uploads\/2026\/03\/Logo-Leidinger.png 400w, https:\/\/fillin-festival.de\/wp-content\/uploads\/2026\/03\/Logo-Leidinger-300x164.png 300w\" sizes=\"auto, (max-width: 400px) 100vw, 400px\" \/><\/figure>\n<\/div>\n\n\n\n<div class=\"wp-block-column is-layout-flow wp-block-column-is-layout-flow\" style=\"flex-basis:16.67%\">\n<figure class=\"wp-block-image size-full\"><img loading=\"lazy\" decoding=\"async\" width=\"768\" height=\"419\" src=\"https:\/\/fillin-festival.de\/wp-content\/uploads\/2025\/10\/verope-Logo.png\" alt=\"\" class=\"wp-image-2235\" srcset=\"https:\/\/fillin-festival.de\/wp-content\/uploads\/2025\/10\/verope-Logo.png 768w, https:\/\/fillin-festival.de\/wp-content\/uploads\/2025\/10\/verope-Logo-300x164.png 300w\" sizes=\"auto, (max-width: 768px) 100vw, 768px\" \/><\/figure>\n<\/div>\n\n\n\n<div class=\"wp-block-column is-layout-flow wp-block-column-is-layout-flow\" style=\"flex-basis:16.67%\">\n<figure class=\"wp-block-image size-full\"><img loading=\"lazy\" decoding=\"async\" width=\"768\" height=\"419\" src=\"https:\/\/fillin-festival.de\/wp-content\/uploads\/2025\/10\/jure-logo.png\" alt=\"\" class=\"wp-image-2229\" srcset=\"https:\/\/fillin-festival.de\/wp-content\/uploads\/2025\/10\/jure-logo.png 768w, https:\/\/fillin-festival.de\/wp-content\/uploads\/2025\/10\/jure-logo-300x164.png 300w\" sizes=\"auto, (max-width: 768px) 100vw, 768px\" \/><\/figure>\n<\/div>\n\n\n\n<div class=\"wp-block-column is-layout-flow wp-block-column-is-layout-flow\" style=\"flex-basis:16.67%\">\n<figure class=\"wp-block-image size-full\"><img loading=\"lazy\" decoding=\"async\" width=\"768\" height=\"419\" src=\"https:\/\/fillin-festival.de\/wp-content\/uploads\/2025\/04\/Logo_sehen-saar.jpg\" alt=\"\" class=\"wp-image-1700\" srcset=\"https:\/\/fillin-festival.de\/wp-content\/uploads\/2025\/04\/Logo_sehen-saar.jpg 768w, https:\/\/fillin-festival.de\/wp-content\/uploads\/2025\/04\/Logo_sehen-saar-300x164.jpg 300w\" sizes=\"auto, (max-width: 768px) 100vw, 768px\" \/><\/figure>\n<\/div>\n\n\n\n<div class=\"wp-block-column is-layout-flow wp-block-column-is-layout-flow\" style=\"flex-basis:16.67%\">\n<figure class=\"wp-block-image size-full\"><img loading=\"lazy\" decoding=\"async\" width=\"768\" height=\"420\" src=\"https:\/\/fillin-festival.de\/wp-content\/uploads\/2025\/10\/Landt-Logo.png\" alt=\"\" class=\"wp-image-2237\" srcset=\"https:\/\/fillin-festival.de\/wp-content\/uploads\/2025\/10\/Landt-Logo.png 768w, https:\/\/fillin-festival.de\/wp-content\/uploads\/2025\/10\/Landt-Logo-300x164.png 300w\" sizes=\"auto, (max-width: 768px) 100vw, 768px\" \/><\/figure>\n<\/div>\n<\/div>\n\n\n\n<div class=\"wp-block-columns alignfull is-not-stacked-on-mobile has-accent-1-background-color has-background is-layout-flex wp-container-core-columns-is-layout-117cf201 wp-block-columns-is-layout-flex\" style=\"margin-top:0;margin-bottom:0;padding-top:0\">\n<div class=\"wp-block-column is-layout-flow wp-block-column-is-layout-flow\" style=\"flex-basis:16.67%\">\n<figure class=\"wp-block-image size-full is-resized\"><img loading=\"lazy\" decoding=\"async\" width=\"768\" height=\"419\" src=\"https:\/\/fillin-festival.de\/wp-content\/uploads\/2025\/06\/Logo_MTG_jpg.jpg\" alt=\"\" class=\"wp-image-2088\" style=\"width:219px\" srcset=\"https:\/\/fillin-festival.de\/wp-content\/uploads\/2025\/06\/Logo_MTG_jpg.jpg 768w, https:\/\/fillin-festival.de\/wp-content\/uploads\/2025\/06\/Logo_MTG_jpg-300x164.jpg 300w\" sizes=\"auto, (max-width: 768px) 100vw, 768px\" \/><\/figure>\n<\/div>\n\n\n\n<div class=\"wp-block-column is-layout-flow wp-block-column-is-layout-flow\" style=\"flex-basis:16.67%\">\n<figure class=\"wp-block-image size-full is-resized\"><img loading=\"lazy\" decoding=\"async\" width=\"768\" height=\"419\" src=\"https:\/\/fillin-festival.de\/wp-content\/uploads\/2025\/04\/Logo_Dornbach.jpg\" alt=\"\" class=\"wp-image-1806\" style=\"width:219px\" srcset=\"https:\/\/fillin-festival.de\/wp-content\/uploads\/2025\/04\/Logo_Dornbach.jpg 768w, https:\/\/fillin-festival.de\/wp-content\/uploads\/2025\/04\/Logo_Dornbach-300x164.jpg 300w\" sizes=\"auto, (max-width: 768px) 100vw, 768px\" \/><\/figure>\n<\/div>\n\n\n\n<div class=\"wp-block-column is-layout-flow wp-block-column-is-layout-flow\" style=\"flex-basis:16.67%\">\n<figure class=\"wp-block-image size-full\"><img loading=\"lazy\" decoding=\"async\" width=\"768\" height=\"420\" src=\"https:\/\/fillin-festival.de\/wp-content\/uploads\/2025\/10\/saar_LB-Logo.png\" alt=\"\" class=\"wp-image-2239\" srcset=\"https:\/\/fillin-festival.de\/wp-content\/uploads\/2025\/10\/saar_LB-Logo.png 768w, https:\/\/fillin-festival.de\/wp-content\/uploads\/2025\/10\/saar_LB-Logo-300x164.png 300w\" sizes=\"auto, (max-width: 768px) 100vw, 768px\" \/><\/figure>\n<\/div>\n\n\n\n<div class=\"wp-block-column is-layout-flow wp-block-column-is-layout-flow\" style=\"flex-basis:16.67%\">\n<figure class=\"wp-block-image size-full\"><img loading=\"lazy\" decoding=\"async\" width=\"768\" height=\"420\" src=\"https:\/\/fillin-festival.de\/wp-content\/uploads\/2026\/02\/platzhalter5.png\" alt=\"\" class=\"wp-image-3065\" srcset=\"https:\/\/fillin-festival.de\/wp-content\/uploads\/2026\/02\/platzhalter5.png 768w, https:\/\/fillin-festival.de\/wp-content\/uploads\/2026\/02\/platzhalter5-300x164.png 300w\" sizes=\"auto, (max-width: 768px) 100vw, 768px\" \/><\/figure>\n<\/div>\n\n\n\n<div class=\"wp-block-column is-layout-flow wp-block-column-is-layout-flow\" style=\"flex-basis:16.67%\">\n<figure class=\"wp-block-image size-full\"><img loading=\"lazy\" decoding=\"async\" width=\"768\" height=\"420\" src=\"https:\/\/fillin-festival.de\/wp-content\/uploads\/2026\/02\/platzhalter5.png\" alt=\"\" class=\"wp-image-3065\" srcset=\"https:\/\/fillin-festival.de\/wp-content\/uploads\/2026\/02\/platzhalter5.png 768w, https:\/\/fillin-festival.de\/wp-content\/uploads\/2026\/02\/platzhalter5-300x164.png 300w\" sizes=\"auto, (max-width: 768px) 100vw, 768px\" \/><\/figure>\n<\/div>\n\n\n\n<div class=\"wp-block-column is-layout-flow wp-block-column-is-layout-flow\" style=\"flex-basis:16.67%\">\n<figure class=\"wp-block-image size-full\"><img loading=\"lazy\" decoding=\"async\" width=\"768\" height=\"420\" src=\"https:\/\/fillin-festival.de\/wp-content\/uploads\/2026\/02\/platzhalter5.png\" alt=\"\" class=\"wp-image-3065\" srcset=\"https:\/\/fillin-festival.de\/wp-content\/uploads\/2026\/02\/platzhalter5.png 768w, https:\/\/fillin-festival.de\/wp-content\/uploads\/2026\/02\/platzhalter5-300x164.png 300w\" sizes=\"auto, (max-width: 768px) 100vw, 768px\" \/><\/figure>\n<\/div>\n\n\n\n<div class=\"wp-block-column is-layout-flow wp-block-column-is-layout-flow\" style=\"flex-basis:16.67%\">\n<figure class=\"wp-block-image size-full\"><img loading=\"lazy\" decoding=\"async\" width=\"768\" height=\"420\" src=\"https:\/\/fillin-festival.de\/wp-content\/uploads\/2026\/02\/platzhalter5.png\" alt=\"\" class=\"wp-image-3065\" srcset=\"https:\/\/fillin-festival.de\/wp-content\/uploads\/2026\/02\/platzhalter5.png 768w, https:\/\/fillin-festival.de\/wp-content\/uploads\/2026\/02\/platzhalter5-300x164.png 300w\" sizes=\"auto, (max-width: 768px) 100vw, 768px\" \/><\/figure>\n<\/div>\n\n\n\n<div class=\"wp-block-column is-layout-flow wp-block-column-is-layout-flow\" style=\"flex-basis:16.67%\">\n<figure class=\"wp-block-image size-full\"><img loading=\"lazy\" decoding=\"async\" width=\"768\" height=\"420\" src=\"https:\/\/fillin-festival.de\/wp-content\/uploads\/2026\/02\/platzhalter5.png\" alt=\"\" class=\"wp-image-3065\" srcset=\"https:\/\/fillin-festival.de\/wp-content\/uploads\/2026\/02\/platzhalter5.png 768w, https:\/\/fillin-festival.de\/wp-content\/uploads\/2026\/02\/platzhalter5-300x164.png 300w\" sizes=\"auto, (max-width: 768px) 100vw, 768px\" \/><\/figure>\n<\/div>\n<\/div>\n","protected":false},"excerpt":{"rendered":"<p>Chill out \u2013 fill&nbsp;in fill in brings legends and world stars of jazz as well as up-and-coming talents of the genre to the Saar-Lor-Lux region. Over three days at the end of June, the festival presents all facets of the genre at the E-Werk on the Saarterrassen in Saarbr\u00fccken and celebrates jazz. Venues 2026 Avenue [&hellip;]<\/p>\n","protected":false},"author":2,"featured_media":0,"parent":0,"menu_order":0,"comment_status":"closed","ping_status":"closed","template":"","meta":{"_themeisle_gutenberg_block_has_review":false,"footnotes":""},"class_list":["post-2733","page","type-page","status-publish","hentry"],"yoast_head":"<!-- This site is optimized with the Yoast SEO plugin v28.3 - https:\/\/yoast.com\/product\/yoast-seo-wordpress\/ -->\n<title>Home - FILL IN FESTIVAL<\/title>\n<meta name=\"description\" content=\"fill in - International Jazz Festival Saar is the jazz festival in the greater Saar-Lor-Lux region and takes place from 25 to 28 June.\" \/>\n<meta name=\"robots\" content=\"index, follow, max-snippet:-1, max-image-preview:large, max-video-preview:-1\" \/>\n<link rel=\"canonical\" href=\"https:\/\/fillin-festival.de\/en\/\" \/>\n<meta property=\"og:locale\" content=\"en_US\" \/>\n<meta property=\"og:type\" content=\"article\" \/>\n<meta property=\"og:title\" content=\"Home - FILL IN FESTIVAL\" \/>\n<meta property=\"og:description\" content=\"fill in - International Jazz Festival Saar is the jazz festival in the greater Saar-Lor-Lux region and takes place from 25 to 28 June.\" \/>\n<meta property=\"og:url\" content=\"https:\/\/fillin-festival.de\/en\/\" \/>\n<meta property=\"og:site_name\" content=\"FILL IN FESTIVAL\" \/>\n<meta property=\"article:modified_time\" content=\"2026-04-09T15:09:10+00:00\" \/>\n<meta property=\"og:image\" content=\"https:\/\/fillin-festival.de\/wp-content\/uploads\/2025\/10\/2B6A3308-scaled.jpg\" \/>\n\t<meta property=\"og:image:width\" content=\"2560\" \/>\n\t<meta property=\"og:image:height\" content=\"1707\" \/>\n\t<meta property=\"og:image:type\" content=\"image\/jpeg\" \/>\n<meta name=\"twitter:card\" content=\"summary_large_image\" \/>\n<meta name=\"twitter:label1\" content=\"Est. reading time\" \/>\n\t<meta name=\"twitter:data1\" content=\"10 minutes\" \/>\n<script type=\"application\/ld+json\" class=\"yoast-schema-graph\">{\"@context\":\"https:\\\/\\\/schema.org\",\"@graph\":[{\"@type\":\"WebPage\",\"@id\":\"https:\\\/\\\/fillin-festival.de\\\/en\\\/\",\"url\":\"https:\\\/\\\/fillin-festival.de\\\/en\\\/\",\"name\":\"Home - FILL IN FESTIVAL\",\"isPartOf\":{\"@id\":\"https:\\\/\\\/fillin-festival.de\\\/en\\\/#website\"},\"primaryImageOfPage\":{\"@id\":\"https:\\\/\\\/fillin-festival.de\\\/en\\\/#primaryimage\"},\"image\":{\"@id\":\"https:\\\/\\\/fillin-festival.de\\\/en\\\/#primaryimage\"},\"thumbnailUrl\":\"https:\\\/\\\/fillin-festival.de\\\/wp-content\\\/uploads\\\/2025\\\/10\\\/2B6A3308-1024x683.jpg\",\"datePublished\":\"2025-02-24T16:58:14+00:00\",\"dateModified\":\"2026-04-09T15:09:10+00:00\",\"description\":\"fill in - International Jazz Festival Saar is the jazz festival in the greater Saar-Lor-Lux region and takes place from 25 to 28 June.\",\"breadcrumb\":{\"@id\":\"https:\\\/\\\/fillin-festival.de\\\/en\\\/#breadcrumb\"},\"inLanguage\":\"en-US\",\"potentialAction\":[{\"@type\":\"ReadAction\",\"target\":[\"https:\\\/\\\/fillin-festival.de\\\/en\\\/\"]}]},{\"@type\":\"ImageObject\",\"inLanguage\":\"en-US\",\"@id\":\"https:\\\/\\\/fillin-festival.de\\\/en\\\/#primaryimage\",\"url\":\"https:\\\/\\\/fillin-festival.de\\\/wp-content\\\/uploads\\\/2025\\\/10\\\/2B6A3308-1024x683.jpg\",\"contentUrl\":\"https:\\\/\\\/fillin-festival.de\\\/wp-content\\\/uploads\\\/2025\\\/10\\\/2B6A3308-1024x683.jpg\"},{\"@type\":\"BreadcrumbList\",\"@id\":\"https:\\\/\\\/fillin-festival.de\\\/en\\\/#breadcrumb\",\"itemListElement\":[{\"@type\":\"ListItem\",\"position\":1,\"name\":\"Startseite\",\"item\":\"https:\\\/\\\/fillin-festival.de\\\/en\\\/\"},{\"@type\":\"ListItem\",\"position\":2,\"name\":\"Home\"}]},{\"@type\":\"WebSite\",\"@id\":\"https:\\\/\\\/fillin-festival.de\\\/en\\\/#website\",\"url\":\"https:\\\/\\\/fillin-festival.de\\\/en\\\/\",\"name\":\"FILL IN FESTIVAL\",\"description\":\"International Jazz Festival Saar\",\"publisher\":{\"@id\":\"https:\\\/\\\/fillin-festival.de\\\/en\\\/#organization\"},\"potentialAction\":[{\"@type\":\"SearchAction\",\"target\":{\"@type\":\"EntryPoint\",\"urlTemplate\":\"https:\\\/\\\/fillin-festival.de\\\/en\\\/?s={search_term_string}\"},\"query-input\":{\"@type\":\"PropertyValueSpecification\",\"valueRequired\":true,\"valueName\":\"search_term_string\"}}],\"inLanguage\":\"en-US\"},{\"@type\":\"Organization\",\"@id\":\"https:\\\/\\\/fillin-festival.de\\\/en\\\/#organization\",\"name\":\"FILL IN FESTIVAL\",\"url\":\"https:\\\/\\\/fillin-festival.de\\\/en\\\/\",\"logo\":{\"@type\":\"ImageObject\",\"inLanguage\":\"en-US\",\"@id\":\"https:\\\/\\\/fillin-festival.de\\\/en\\\/#\\\/schema\\\/logo\\\/image\\\/\",\"url\":\"https:\\\/\\\/fillin-festival.de\\\/wp-content\\\/uploads\\\/2025\\\/03\\\/fill-in-logo-oracle-triple-lowercase-1.png\",\"contentUrl\":\"https:\\\/\\\/fillin-festival.de\\\/wp-content\\\/uploads\\\/2025\\\/03\\\/fill-in-logo-oracle-triple-lowercase-1.png\",\"width\":2400,\"height\":693,\"caption\":\"FILL IN FESTIVAL\"},\"image\":{\"@id\":\"https:\\\/\\\/fillin-festival.de\\\/en\\\/#\\\/schema\\\/logo\\\/image\\\/\"}}]}<\/script>\n<!-- \/ Yoast SEO plugin. -->","yoast_head_json":{"title":"Home - FILL IN FESTIVAL","description":"fill in - International Jazz Festival Saar is the jazz festival in the greater Saar-Lor-Lux region and takes place from 25 to 28 June.","robots":{"index":"index","follow":"follow","max-snippet":"max-snippet:-1","max-image-preview":"max-image-preview:large","max-video-preview":"max-video-preview:-1"},"canonical":"https:\/\/fillin-festival.de\/en\/","og_locale":"en_US","og_type":"article","og_title":"Home - FILL IN FESTIVAL","og_description":"fill in - International Jazz Festival Saar is the jazz festival in the greater Saar-Lor-Lux region and takes place from 25 to 28 June.","og_url":"https:\/\/fillin-festival.de\/en\/","og_site_name":"FILL IN FESTIVAL","article_modified_time":"2026-04-09T15:09:10+00:00","og_image":[{"width":2560,"height":1707,"url":"https:\/\/fillin-festival.de\/wp-content\/uploads\/2025\/10\/2B6A3308-scaled.jpg","type":"image\/jpeg"}],"twitter_card":"summary_large_image","twitter_misc":{"Est. reading time":"10 minutes"},"schema":{"@context":"https:\/\/schema.org","@graph":[{"@type":"WebPage","@id":"https:\/\/fillin-festival.de\/en\/","url":"https:\/\/fillin-festival.de\/en\/","name":"Home - FILL IN FESTIVAL","isPartOf":{"@id":"https:\/\/fillin-festival.de\/en\/#website"},"primaryImageOfPage":{"@id":"https:\/\/fillin-festival.de\/en\/#primaryimage"},"image":{"@id":"https:\/\/fillin-festival.de\/en\/#primaryimage"},"thumbnailUrl":"https:\/\/fillin-festival.de\/wp-content\/uploads\/2025\/10\/2B6A3308-1024x683.jpg","datePublished":"2025-02-24T16:58:14+00:00","dateModified":"2026-04-09T15:09:10+00:00","description":"fill in - International Jazz Festival Saar is the jazz festival in the greater Saar-Lor-Lux region and takes place from 25 to 28 June.","breadcrumb":{"@id":"https:\/\/fillin-festival.de\/en\/#breadcrumb"},"inLanguage":"en-US","potentialAction":[{"@type":"ReadAction","target":["https:\/\/fillin-festival.de\/en\/"]}]},{"@type":"ImageObject","inLanguage":"en-US","@id":"https:\/\/fillin-festival.de\/en\/#primaryimage","url":"https:\/\/fillin-festival.de\/wp-content\/uploads\/2025\/10\/2B6A3308-1024x683.jpg","contentUrl":"https:\/\/fillin-festival.de\/wp-content\/uploads\/2025\/10\/2B6A3308-1024x683.jpg"},{"@type":"BreadcrumbList","@id":"https:\/\/fillin-festival.de\/en\/#breadcrumb","itemListElement":[{"@type":"ListItem","position":1,"name":"Startseite","item":"https:\/\/fillin-festival.de\/en\/"},{"@type":"ListItem","position":2,"name":"Home"}]},{"@type":"WebSite","@id":"https:\/\/fillin-festival.de\/en\/#website","url":"https:\/\/fillin-festival.de\/en\/","name":"FILL IN FESTIVAL","description":"International Jazz Festival Saar","publisher":{"@id":"https:\/\/fillin-festival.de\/en\/#organization"},"potentialAction":[{"@type":"SearchAction","target":{"@type":"EntryPoint","urlTemplate":"https:\/\/fillin-festival.de\/en\/?s={search_term_string}"},"query-input":{"@type":"PropertyValueSpecification","valueRequired":true,"valueName":"search_term_string"}}],"inLanguage":"en-US"},{"@type":"Organization","@id":"https:\/\/fillin-festival.de\/en\/#organization","name":"FILL IN FESTIVAL","url":"https:\/\/fillin-festival.de\/en\/","logo":{"@type":"ImageObject","inLanguage":"en-US","@id":"https:\/\/fillin-festival.de\/en\/#\/schema\/logo\/image\/","url":"https:\/\/fillin-festival.de\/wp-content\/uploads\/2025\/03\/fill-in-logo-oracle-triple-lowercase-1.png","contentUrl":"https:\/\/fillin-festival.de\/wp-content\/uploads\/2025\/03\/fill-in-logo-oracle-triple-lowercase-1.png","width":2400,"height":693,"caption":"FILL IN FESTIVAL"},"image":{"@id":"https:\/\/fillin-festival.de\/en\/#\/schema\/logo\/image\/"}}]}},"_links":{"self":[{"href":"https:\/\/fillin-festival.de\/en\/wp-json\/wp\/v2\/pages\/2733","targetHints":{"allow":["GET"]}}],"collection":[{"href":"https:\/\/fillin-festival.de\/en\/wp-json\/wp\/v2\/pages"}],"about":[{"href":"https:\/\/fillin-festival.de\/en\/wp-json\/wp\/v2\/types\/page"}],"author":[{"embeddable":true,"href":"https:\/\/fillin-festival.de\/en\/wp-json\/wp\/v2\/users\/2"}],"replies":[{"embeddable":true,"href":"https:\/\/fillin-festival.de\/en\/wp-json\/wp\/v2\/comments?post=2733"}],"version-history":[{"count":3,"href":"https:\/\/fillin-festival.de\/en\/wp-json\/wp\/v2\/pages\/2733\/revisions"}],"predecessor-version":[{"id":3368,"href":"https:\/\/fillin-festival.de\/en\/wp-json\/wp\/v2\/pages\/2733\/revisions\/3368"}],"wp:attachment":[{"href":"https:\/\/fillin-festival.de\/en\/wp-json\/wp\/v2\/media?parent=2733"}],"curies":[{"name":"wp","href":"https:\/\/api.w.org\/{rel}","templated":true}]}}